{"id":66,"date":"2017-12-07T14:25:56","date_gmt":"2017-12-07T14:25:56","guid":{"rendered":"http:\/\/buch.modernklusion.de\/?page_id=66"},"modified":"2018-01-03T12:20:38","modified_gmt":"2018-01-03T12:20:38","slug":"detmolder-gericht-ordnet-zwangsuebernahm-an","status":"publish","type":"page","link":"http:\/\/buch.modernklusion.de\/?page_id=66","title":{"rendered":"Detmolder Gericht ordnet Zwangs\u00fcbernahm an"},"content":{"rendered":"<p>Ab jetzt l\u00e4uft das Budget holprig und wie es l\u00e4uft k\u00f6nnen Sie auf den folgenden Seiten lesen.<\/p>\n<div class='polaroid-gallery galleryid-66' style='width:510px;'>\n\t\t\t<a href=\"http:\/\/buch.modernklusion.de\/wp-content\/uploads\/2018\/01\/detmold-s01-724x1024.png\" title=\"detmold-s01\" rel=\"polaroid_964614067\" class=\"polaroid-gallery-item showcaption\"><span class=\"polaroid-gallery-image\" title=\"\" style=\"background-image: url(http:\/\/buch.modernklusion.de\/wp-content\/uploads\/2018\/01\/detmold-s01-150x150.png); width: 150px; height: 150px;\"><\/span><\/a>\n\t\t\t<a href=\"http:\/\/buch.modernklusion.de\/wp-content\/uploads\/2018\/01\/detmold-s02-724x1024.png\" title=\"detmold-s02\" rel=\"polaroid_964614067\" class=\"polaroid-gallery-item showcaption\"><span class=\"polaroid-gallery-image\" title=\"\" style=\"background-image: url(http:\/\/buch.modernklusion.de\/wp-content\/uploads\/2018\/01\/detmold-s02-150x150.png); width: 150px; height: 150px;\"><\/span><\/a>\n\t\t\t<a href=\"http:\/\/buch.modernklusion.de\/wp-content\/uploads\/2018\/01\/detmold-s03-724x1024.png\" title=\"detmold-s03\" rel=\"polaroid_964614067\" class=\"polaroid-gallery-item showcaption\"><span class=\"polaroid-gallery-image\" title=\"\" style=\"background-image: url(http:\/\/buch.modernklusion.de\/wp-content\/uploads\/2018\/01\/detmold-s03-150x150.png); width: 150px; height: 150px;\"><\/span><\/a>\n\t\t\t<br style=\"clear: both;\" \/>\n\t\t\t<a href=\"http:\/\/buch.modernklusion.de\/wp-content\/uploads\/2018\/01\/detmold-s04-724x1024.png\" title=\"detmold-s04\" rel=\"polaroid_964614067\" class=\"polaroid-gallery-item showcaption\"><span class=\"polaroid-gallery-image\" title=\"\" style=\"background-image: url(http:\/\/buch.modernklusion.de\/wp-content\/uploads\/2018\/01\/detmold-s04-150x150.png); width: 150px; height: 150px;\"><\/span><\/a>\n\t\t\t<a href=\"http:\/\/buch.modernklusion.de\/wp-content\/uploads\/2018\/01\/detmold-s05-724x1024.png\" title=\"detmold-s05\" rel=\"polaroid_964614067\" class=\"polaroid-gallery-item showcaption\"><span class=\"polaroid-gallery-image\" title=\"\" style=\"background-image: url(http:\/\/buch.modernklusion.de\/wp-content\/uploads\/2018\/01\/detmold-s05-150x150.png); width: 150px; height: 150px;\"><\/span><\/a>\n\t\t\t<a href=\"http:\/\/buch.modernklusion.de\/wp-content\/uploads\/2018\/01\/detmold-s06-724x1024.png\" title=\"detmold-s06\" rel=\"polaroid_964614067\" class=\"polaroid-gallery-item showcaption\"><span class=\"polaroid-gallery-image\" title=\"\" style=\"background-image: url(http:\/\/buch.modernklusion.de\/wp-content\/uploads\/2018\/01\/detmold-s06-150x150.png); width: 150px; height: 150px;\"><\/span><\/a>\n\t\t\t<br style=\"clear: both;\" \/>\n\t\t\t<a href=\"http:\/\/buch.modernklusion.de\/wp-content\/uploads\/2018\/01\/detmold-s07-724x1024.png\" title=\"detmold-s07\" rel=\"polaroid_964614067\" class=\"polaroid-gallery-item showcaption\"><span class=\"polaroid-gallery-image\" title=\"\" style=\"background-image: url(http:\/\/buch.modernklusion.de\/wp-content\/uploads\/2018\/01\/detmold-s07-150x150.png); width: 150px; height: 150px;\"><\/span><\/a>\n\t\t\t<br style=\"clear: both;\" \/><\/div>\n\n<p>Damit ist es zuerst geschafft \u2013 aber Geld gibt es immer noch lange nicht. Selbst ein Gerichtsurteil beeindruckt die Leistungstr\u00e4ger nicht. Viel lieber setzt der Leistungstr\u00e4ger darauf, dass der Antragsteller eventuell durch die starke Belastung des hin und her der b\u00fcrokratischen Herangehensweise die Motivation verliert den Kampf weiter zu bestreiten. Aus eigener Erfahrung kenne ich viele, die es nicht schaffen diesem Druck standzuhalten. Aber die Leistungstr\u00e4ger haben nicht mit meinem Durchsetzungsverm\u00f6gen gerechnet. Zwar war es nicht wirklich leicht f\u00fcr mich, aber ich habe gelernt diesen negativen Einfluss zu \u00fcberstehen. Es ist schon eine \u00fcber m\u00e4\u00dfige Belastung, aber, wenn man es schaffen m\u00f6chte, sein Anspruch auf Budget durchzusetzen, bleibt einem nichts Anderes \u00fcbrig als am Ball zu bleiben&#8230;<\/p>\n<p><strong><div class=\"alignleft\"><a href=\"http:\/\/buch.modernklusion.de\/?page_id=321\" title=\"Datenschutzerkl\u00e4rung\">Letztes Kapitel: Datenschutzerkl\u00e4rung<\/a><\/div> <\/strong><strong><div class=\"alignright\"><a href=\"http:\/\/buch.modernklusion.de\/?page_id=68\" title=\"2 feste Freunde als Assistenten und 2 gerade fertig gewordene\">N\u00e4chstes Kapitel: 2 feste Freunde als Assistenten und 2 gerade fertig gewordene<\/a><\/div><\/strong><\/p>\n","protected":false},"excerpt":{"rendered":"<p>Ab jetzt l\u00e4uft das Budget holprig und wie es l\u00e4uft k\u00f6nnen Sie auf den folgenden Seiten lesen. Damit ist es<\/p>\n","protected":false},"author":1,"featured_media":0,"parent":0,"menu_order":0,"comment_status":"closed","ping_status":"closed","template":"","meta":{"footnotes":""},"_links":{"self":[{"href":"http:\/\/buch.modernklusion.de\/index.php?rest_route=\/wp\/v2\/pages\/66"}],"collection":[{"href":"http:\/\/buch.modernklusion.de\/index.php?rest_route=\/wp\/v2\/pages"}],"about":[{"href":"http:\/\/buch.modernklusion.de\/index.php?rest_route=\/wp\/v2\/types\/page"}],"author":[{"embeddable":true,"href":"http:\/\/buch.modernklusion.de\/index.php?rest_route=\/wp\/v2\/users\/1"}],"replies":[{"embeddable":true,"href":"http:\/\/buch.modernklusion.de\/index.php?rest_route=%2Fwp%2Fv2%2Fcomments&post=66"}],"version-history":[{"count":4,"href":"http:\/\/buch.modernklusion.de\/index.php?rest_route=\/wp\/v2\/pages\/66\/revisions"}],"predecessor-version":[{"id":256,"href":"http:\/\/buch.modernklusion.de\/index.php?rest_route=\/wp\/v2\/pages\/66\/revisions\/256"}],"wp:attachment":[{"href":"http:\/\/buch.modernklusion.de\/index.php?rest_route=%2Fwp%2Fv2%2Fmedia&parent=66"}],"curies":[{"name":"wp","href":"https:\/\/api.w.org\/{rel}","templated":true}]}}