{"id":46,"date":"2017-12-07T14:10:59","date_gmt":"2017-12-07T14:10:59","guid":{"rendered":"http:\/\/buch.modernklusion.de\/?page_id=46"},"modified":"2017-12-10T11:24:10","modified_gmt":"2017-12-10T11:24:10","slug":"anfang-april-2011","status":"publish","type":"page","link":"http:\/\/buch.modernklusion.de\/?page_id=46","title":{"rendered":"Anfang April 2011"},"content":{"rendered":"<p>Ausgehend von diesen Antworten m\u00f6chte ich als n\u00e4chstes Aufzeigen, was mir im Rahmen der Beantragung des pers\u00f6nlichen Budgets wiederfahren ist.<\/p>\n<h2>Anfang April 2011<\/h2>\n<p>Wie der Titel schon sagt, habe ich im April 2011 einen Antrag an den LWL aus M\u00fcnster gestellt. Mit der Bitte, diesen bis zum Wegfall der Zivildienstabschaffung am Rennen zu bringen. Nur leider habe ich zu diesem Zeitpunkt nicht bedacht, dass ein Antrag mit so vielen Gegenfragen behaftet sein kann. Warum es so viele Fragen gibt und welche das sind \u2013 werden nun immer wieder aufgez\u00e4hlt. Zum einen muss bei einem Antrag, bei dem man Geld vom Land\/Staat haben will, viele b\u00fcrokratische Dokumente ausf\u00fcllen und bearbeiten, im Sinne von viel Tinte im F\u00fcller haben. D.h. nicht das Vergn\u00fcgliche Tinte im F\u00fcller, sondern dass was wirklich den Stand der geschriebenen Worte wiederspiegelt. Nun aber genug der philosophischen Worte, es ist an der Zeit die realistischen Fakten zu benennen.<\/p>\n<p>Der Antrag erfolgt zu diesem Zeitpunkt noch als ein formloses Schreiben. In dem Schreiben bat ich darum, mein zuk\u00fcnftiges Dasein bzgl. Teilhabe am Leben und das Selbstbestimmt und Gleichberechtigt.<\/p>\n<p>Ein Schreiben f\u00fcr diesen Zweck w\u00fcrde dann so in etwa aussehen:<\/p>\n<blockquote><p>Lars Hemme<br \/>\nStr. XXX<br \/>\n33100 Paderborn<\/p>\n<p>LWL-Behindertenhilfe Westfalen<br \/>\nPerson XXX<br \/>\n48133 M\u00fcnster<\/p>\n<p style=\"text-align: right;\">Paderborn, 14.04.11<\/p>\n<p><strong>Antrag auf \u201ePers\u00f6nliches Budget\u201c<\/strong><\/p>\n<p>Sehr geehrte Frau Kretschmer,<\/p>\n<p>mit diesem Schreiben m\u00f6chte ich bei ihnen das pers\u00f6nliche Budget im Rahmen der gesellschaftlichen Inklusion beantragen. Im Anhang finden sie eine erste tabellarische Auflistung meiner pers\u00f6nlichen Angaben, wie die potenziellen Leistungstr\u00e4ger die den Antrag unterst\u00fctzen k\u00f6nnten.<\/p>\n<p>Eine(n) Hinweis \/ Beratung f\u00fcr das pers\u00f6nliche Budget habe ich durch Herr Markus Deppe vom Integrationsfachdienst Paderborn und Herrn Helmut K\u00f6lling vom \u201epers\u00f6nlichem Assistenz Dienst\u201c Paderborn erhalten.<\/p>\n<p>Vielen Dank.<\/p>\n<p>Mit freundlichen Gr\u00fc\u00dfen<\/p>\n<p>ICH \ud83d\ude09<\/p><\/blockquote>\n<p>Nach dem dann das Papier verschickt ist und eine Antwort entgegengebracht wurde, oder vielleicht auch nicht. Trudelt im Idealfall ein dreiseitiges Formular ein, das von einem selbst ausgef\u00fcllt werden muss. Hierbei werden Informationen abgefragt, z.B. welche anderen tr\u00e4ger\u00fcbergreifenden \u00c4mter an der Finanzierung beteiligt sein k\u00f6nnten. Allerdings habe ich festgestellt, dass keiner wirklich pr\u00fcft oder besser gesagt \u2013 ein anderes Amt miteinbezieht und sie sich die Finanzierung und die Verantwortung somit teilen. Trotz allem muss das folgende Formular ausgef\u00fcllt werden und sieht Beispielsweise wie dieses aus:<\/p>\n<div class='polaroid-gallery galleryid-46' style='width:510px;'>\n\t\t\t<a href=\"http:\/\/buch.modernklusion.de\/wp-content\/uploads\/2017\/12\/AntragPB-S1-724x1024.png\" title=\"AntragPB-S1\" rel=\"polaroid_280657405\" class=\"polaroid-gallery-item showcaption\"><span class=\"polaroid-gallery-image\" title=\"\" style=\"background-image: url(http:\/\/buch.modernklusion.de\/wp-content\/uploads\/2017\/12\/AntragPB-S1-150x150.png); width: 150px; height: 150px;\"><\/span><\/a>\n\t\t\t<a href=\"http:\/\/buch.modernklusion.de\/wp-content\/uploads\/2017\/12\/AntragPB-S2-724x1024.png\" title=\"AntragPB-S2\" rel=\"polaroid_280657405\" class=\"polaroid-gallery-item showcaption\"><span class=\"polaroid-gallery-image\" title=\"\" style=\"background-image: url(http:\/\/buch.modernklusion.de\/wp-content\/uploads\/2017\/12\/AntragPB-S2-150x150.png); width: 150px; height: 150px;\"><\/span><\/a>\n\t\t\t<a href=\"http:\/\/buch.modernklusion.de\/wp-content\/uploads\/2017\/12\/AntragPB-S3-724x1024.png\" title=\"AntragPB-S3\" rel=\"polaroid_280657405\" class=\"polaroid-gallery-item showcaption\"><span class=\"polaroid-gallery-image\" title=\"\" style=\"background-image: url(http:\/\/buch.modernklusion.de\/wp-content\/uploads\/2017\/12\/AntragPB-S3-150x150.png); width: 150px; height: 150px;\"><\/span><\/a>\n\t\t\t<br style=\"clear: both;\" \/><\/div>\n\n<p>Mit diesem drei seitigen ausgef\u00fcllten Formular der direkt an das Amt per Post zugestellt wurde begann die Odyssee. Allerdings kann man hier noch nicht von einer Odyssee sprechen, da bevor dieses losgegangen ist erst einmal ein so genannter Gutachter zu mir nachhause kommen wollte und \u00fcberpr\u00fcfen musste inwieweit ich wirklich hilfsbed\u00fcrftig bin. Sicherlich ohne Angst davor zu haben, haben mir meine inneren Stimmen gesagt, dass ich mir zutr\u00e4gliche Unterst\u00fctzung bei Seite stellen soll. Gesagt getan. Noch in den darauffolgenden Wochen habe ich Kontakt \u00fcber den Integrationsfachdienst Paderborn zu Herrn K\u00f6lling hergestellt. Mit seiner Hilfe wurde mir der notwendige Einfluss beschert, der sich sp\u00e4ter als recht gut erwies. Mit der Unterst\u00fctzung von Herrn Rau bin ich darauf vorbereitet worden, was mir bei einer bevorstehenden Pr\u00fcfung eines Gutachters in meine 4 W\u00e4nde abverlangt wird.<\/p>\n<p><strong><div class=\"alignleft\"><a href=\"http:\/\/buch.modernklusion.de\/?page_id=43\" title=\"Kapitel 4\">Letztes Kapitel: Kapitel 4<\/a><\/div><\/strong> <strong><div class=\"alignright\"><a href=\"http:\/\/buch.modernklusion.de\/?page_id=48\" title=\"Juni Besuch des Gutachters\">N\u00e4chstes Kapitel: Juni Besuch des Gutachters<\/a><\/div><\/strong><\/p>\n","protected":false},"excerpt":{"rendered":"<p>Ausgehend von diesen Antworten m\u00f6chte ich als n\u00e4chstes Aufzeigen, was mir im Rahmen der Beantragung des pers\u00f6nlichen Budgets wiederfahren ist.<\/p>\n","protected":false},"author":1,"featured_media":0,"parent":0,"menu_order":0,"comment_status":"closed","ping_status":"closed","template":"","meta":{"footnotes":""},"_links":{"self":[{"href":"http:\/\/buch.modernklusion.de\/index.php?rest_route=\/wp\/v2\/pages\/46"}],"collection":[{"href":"http:\/\/buch.modernklusion.de\/index.php?rest_route=\/wp\/v2\/pages"}],"about":[{"href":"http:\/\/buch.modernklusion.de\/index.php?rest_route=\/wp\/v2\/types\/page"}],"author":[{"embeddable":true,"href":"http:\/\/buch.modernklusion.de\/index.php?rest_route=\/wp\/v2\/users\/1"}],"replies":[{"embeddable":true,"href":"http:\/\/buch.modernklusion.de\/index.php?rest_route=%2Fwp%2Fv2%2Fcomments&post=46"}],"version-history":[{"count":4,"href":"http:\/\/buch.modernklusion.de\/index.php?rest_route=\/wp\/v2\/pages\/46\/revisions"}],"predecessor-version":[{"id":189,"href":"http:\/\/buch.modernklusion.de\/index.php?rest_route=\/wp\/v2\/pages\/46\/revisions\/189"}],"wp:attachment":[{"href":"http:\/\/buch.modernklusion.de\/index.php?rest_route=%2Fwp%2Fv2%2Fmedia&parent=46"}],"curies":[{"name":"wp","href":"https:\/\/api.w.org\/{rel}","templated":true}]}}