{"id":31,"date":"2017-12-07T13:41:31","date_gmt":"2017-12-07T13:41:31","guid":{"rendered":"http:\/\/buch.modernklusion.de\/?page_id=31"},"modified":"2017-12-09T18:01:31","modified_gmt":"2017-12-09T18:01:31","slug":"das-ist-das-inklusionsversprechen-vom-lwl","status":"publish","type":"page","link":"http:\/\/buch.modernklusion.de\/?page_id=31","title":{"rendered":"Das ist das Inklusionsversprechen vom LWL"},"content":{"rendered":"<p>In der \u00dcberschrift steht das Inklusionsversprechen und durch die Herangehensweise des LWLs hat man immer \u00f6fter das Gef\u00fchl ein sich Versprechen vorgefallen zu sein. Damit sage ich, dass ich nicht \u00fcberwiegend behaupten m\u00f6chte der LWL w\u00fcrde immer nur falsche \u00c4u\u00dferungen oder amtliche Entscheidungen t\u00e4tigen, aber beobachtet man allein die Region um Paderborn mit Augenmerkt von nur Paderborner Klienten, die ein pers\u00f6nliches Budget ben\u00f6tigen und beantragt haben. In diesem Fall spreche ich von ungef\u00e4hr, nein nicht von ungef\u00e4hr drei, sondern von echten dreien. Einschlie\u00dflich meiner Person. Bei diesen drei Antragsstellern funktioniert es nicht ohne Zutun der gerichtlichen Anordnungen f\u00fcr Leistungen, die gesetzlich unbestreitbar anerkannt werden m\u00fcssen.<\/p>\n<h1 style=\"text-align: right;\">Warum, fragen Sie sich?<\/h1>\n<h2 style=\"text-align: center;\">Ich werde es Ihnen sagen, sage ich.<\/h2>\n<p>Laut der UN-Konvention \u2026 leichtgemacht zitieren \u2026 sind die Vertragsstaaten (Wer sind diese) dazu verpflichtet Menschen mit Behinderung ein Selbstbestimmtes Leben oder auch gleichgestelltes Leben zu erm\u00f6glich. Hierbei werden nicht nur bauliche Barrieren versucht zu vermeiden, sondern auch gesellschaftliche. Die gesellschaftlichen Barrieren liegen in diesem Kontext an der uneingeschr\u00e4nkten Teilhabe des Lebens und der Bildung. Im Bereich Leben beabsichtigt die Konvention, mit ihren Richtlinien, dass alle Menschen unter gleichen Bedingungen ihr Dasein fr\u00f6nen. Dabei betrachten die Betroffenen die Unterst\u00fctzung einer pers\u00f6nlichen Assistenz, die ihnen dabei hilft alle anfallenden Lebenssituationen anzunehmen und mit selbstbestimmter Leichtigkeit an seiner Erledigung reift. Der Mensch mit Behinderung reift hierbei, weil es seine Selbstfindung best\u00e4rkt und ihm das Gef\u00fchl entgegenspringt, ein wirklicher Teil der Gesellschaft zu sein. Die Vereinten Nationen und auch die Neuorientierung des alten Begriffs von Integration untermauern den neuen und hoffentlich vielversprechenden Begriff der Inklusion, der das:<\/p>\n<h1 style=\"text-align: right;\">Du und ich \u2013 ich und Du!<\/h1>\n<p>Bildlich als eine wilde Anordnung von bunten Punkten beschreibt. Hingegen zeigt das Bild f\u00fcr Inklusion auch eine willk\u00fcrliche Anordnung der bunten Punkte, allerdings werden hier die roten Punkte, die die Gruppe der Menschen mit Behinderung bilden, immer noch umherbewegend der anderen Farben ausgegrenzt dargestellt. Um es an dieser Stelle nicht nur verbal zu beschreiben, mache ich mir ad hoc die M\u00fche, auch wenn es jetzt schon 01:45 Uhr ist und mein Assistent sich gerade bestimmt w\u00fcnscht das ich endlich ins Bett gehe, das Schaubild aus dem Internet zu kopieren und einzuf\u00fcgen. Danach werde ich auch so nett sein und mich ins Bettchen h\u00fcpfen lassen.<\/p>\n<div class='polaroid-gallery galleryid-31' style='width:340px;'>\n\t\t\t<a href=\"http:\/\/buch.modernklusion.de\/wp-content\/uploads\/2017\/12\/integration.png\" title=\"integration\" rel=\"polaroid_1697085359\" class=\"polaroid-gallery-item showcaption\"><span class=\"polaroid-gallery-image\" title=\"\" style=\"background-image: url(http:\/\/buch.modernklusion.de\/wp-content\/uploads\/2017\/12\/integration-150x146.png); width: 150px; height: 146px;\"><\/span><\/a>\n\t\t\t<a href=\"http:\/\/buch.modernklusion.de\/wp-content\/uploads\/2017\/12\/inklusion.png\" title=\"inklusion\" rel=\"polaroid_1697085359\" class=\"polaroid-gallery-item showcaption\"><span class=\"polaroid-gallery-image\" title=\"\" style=\"background-image: url(http:\/\/buch.modernklusion.de\/wp-content\/uploads\/2017\/12\/inklusion-150x150.png); width: 150px; height: 150px;\"><\/span><\/a>\n\t\t\t<br style=\"clear: both;\" \/><\/div>\n\n<h1 style=\"text-align: center;\">Integration vs. Inklusion<\/h1>\n<p>Laut dem Internetauftritt des Landschaftsverband Westfalen Lippe (LWL) aus M\u00fcnster, bedeutet Inklusion:<\/p>\n<blockquote><p>Aber schon lange vor Inkrafttreten der UN-Konvention war und ist es beim LWL unser Ziel, unser Auftrag und Selbstverst\u00e4ndnis, Menschen mit Behinderung ein m\u00f6glichst selbstst\u00e4ndiges und selbstbestimmtes Leben sowie eine umfassende Teilhabe am Leben in der Gemeinschaft zu erm\u00f6glichen. Soviel Teilhabe, soviel Normalit\u00e4t wie m\u00f6glich. (&#8230;) Wir haben Erfolge erzielt. Aber wir wollen noch mehr erreichen. Wenn Sie unsere Internetseite aufrufen, k\u00f6nnen Sie eine F\u00fclle weiterer Informationen (&#8230;) erhalten.<a href=\"#_ftn1\" name=\"_ftnref1\">[1]<\/a><\/p><\/blockquote>\n<p>Auch eine \u00c4u\u00dferung<a href=\"#_ftn2\" name=\"_ftnref2\">[2]<\/a> einer Mitarbeiterin aus dem Dezernat Soziales, Frau Andrea Volmering, des LWL, best\u00e4rkt das vorangegangene Zitat. Allerdings m\u00fcsste hinsichtlich solcher \u00c4u\u00dferungen gepr\u00fcft werden, welche tats\u00e4chlichen Ergebnisse im Umgang mit Inklusion und seine Vielzahl an Baustellen erledigt werden, so dass von dem Konventionsgedanken auch wirklich Umsetzungen stattfanden oder noch finden.<\/p>\n<p>Zitate der Webseite und den Interviewaufnahmen<\/p>\n<blockquote><p>Der LWL setzt sich schon seit Jahrzehnten f\u00fcr ein m\u00f6glichst selbstbestimmtes Leben von Menschen mit Behinderungen ein \u2013 und damit lange vor dem Inkrafttreten der UN-Konvention \u00fcber die Rechte von Menschen mit Behinderungen, die die Inklusion als gesellschaftliches Ziel st\u00e4rker ins \u00f6ffentliche Interesse ger\u00fcckt hat. Die UN-Konvention formuliert Leits\u00e4tze, die f\u00fcr Bund, L\u00e4nder und Kommunen, Verb\u00e4nde, Einrichtungen und Interessenvertretungen zielsetzend sind. Auch wenn aus den Bestimmungen der UN-Konvention keine unmittelbaren Leistungsanspr\u00fcche hergeleitet werden k\u00f6nnen, so ist die UN-Konvention f\u00fcr uns doch handlungsleitend. Denn inklusives Leben ist in vielen Lebensbereichen noch lange nicht umgesetzt.<\/p>\n<p>Dieser erste LWL-Aktionsplan Inklusion zeigt, welche Position der Verband in seinen vielen Einrichtungen einnimmt und wie sich seine Arbeit in den kommenden Jahren weiterentwickeln wird. Der LWL hat schon viel erreicht, aber es muss noch viel getan werden. Erst recht, weil die Zahl der Menschen mit wesentlichen Behinderungen nach wie vor deutlich zunimmt. So wird es immer mehr \u00e4ltere Menschen mit geistiger Behinderung geben, deren Lebenserwartung sich der allgemeinen Lebenserwartung angleicht. Darauf kann unsere Gesellschaft stolz sein, gleichzeitig bedeutet es aber auch, sich auf neue Herausforderungen einzustellen.<a href=\"#_ftn3\" name=\"_ftnref3\">[3]<\/a><\/p><\/blockquote>\n<h2>Fragenkatalog an den LWL bzgl. Inklusion<\/h2>\n<h3>Allgemeine Fragen an den LWL<\/h3>\n<ul>\n<li>Seit wann besteht beim LWL der Fokus auf Inklusion?<\/li>\n<li>Welche Bereiche deckt der LWL im Rahmen der Inklusion meistens ab? (Arbeit, Bildung, Freizeit, Wohnen und\/oder Barrierefreiheit)<\/li>\n<li>Womit besch\u00e4ftigt sich der LWL \u00fcberwiegend in diesem Bereich?<\/li>\n<li>Was w\u00fcrden sie lieber zus\u00e4tzlich noch anbieten bzw. umsetzen, um das Gleichstellungsgesetz zu unterst\u00fctzen bzw. noch mehr zu erreichen?<\/li>\n<li>In wie weit ist die UN-Konvention f\u00fcr den LWL ausschlaggebend?<\/li>\n<li>Was soll auf eine Homepage zum Thema Inklusion?<\/li>\n<li>Warum Integration -&gt; Inklusion?<\/li>\n<li>Fakten und Zahlen GG\/ Mensch mit Behinderung inkludieren?<br \/>\n<hr \/>\n<\/li>\n<li>Gibt es Bestimmte Beratungsangebote zu Inklusion, oder ein Interesse einer externen Beratungshilfe\/ -unterst\u00fctzung? (Bsp.: SmB)<\/li>\n<li>Was wird speziell f\u00fcr die Zielgruppe Studierende getan?<\/li>\n<li>SmB-Kooperation bez\u00fcglich Finanzierungsunterst\u00fctzung<\/li>\n<li>Wie ist die Orga-Struktur im LWL und wer ist evtl. Ansprechpartner, an wen kann SmB konkret verweisen?<\/li>\n<li>Gibt es Informationen bzgl. chronisch Kranke und ein Teilzeitstudium?<\/li>\n<li>Welche Eingliederungshilfen werden ihrerseits angeboten und \u00fcbernommen? In welchen Bereichen sind die meisten Hilfen vorhanden? (Zahlen\/Fakten)<\/li>\n<\/ul>\n<h3>Kooperation<\/h3>\n<ul>\n<li>Wer unterst\u00fctzt Sie bei Inklusion bzw. wen unterst\u00fctzen Sie? (nicht Personenbez.)<\/li>\n<li>Gibt es evtl. Projektunterst\u00fctzung f\u00fcr \u201eInklusion\u201c, wenn ja welche w\u00e4ren dies?<\/li>\n<li>K\u00f6nnte die Uni Paderborn etwas an Unterst\u00fctzung f\u00fcr den Ratsuchenden mit Beeintr\u00e4chtigung f\u00fcr den LWL tun?<\/li>\n<li>Gibt es bestimmte Kooperationspartner bzgl. Inklusion, wenn ja, welche sind das und wie unterst\u00fctzen sie den LWL?<\/li>\n<li>W\u00fcrde sich der LWL weitere Partner w\u00fcnschen, wenn ja &#8211; wen und in welchem Bereich? (A, F, B, W\u2026)<\/li>\n<\/ul>\n<h3>Inklusion und Medien<\/h3>\n<ul>\n<li>Wie nutzen Sie die Medien, um Inklusion voranzutreiben oder bekannt zu machen?<\/li>\n<li>Welche Medien? Wann? F\u00fcr wen? Wo \u00fcberwiegend? Ab wann? (Alter d. Betroff.)<\/li>\n<li>Welche Beitr\u00e4ge, Filme usw. h\u00e4tten sie als LWL Vertreterin gerne im Programm bzw. k\u00f6nnte der LWL anbieten, die mit Inhalt Inklusion arbeiten?<\/li>\n<\/ul>\n<h2>Antworten von einer LWL Vertreterin<\/h2>\n<p>Die hier abgetippten Inhalte stammen von einem Interview, welches mit Hilfe eines Aufnahmeger\u00e4ts aus der Universit\u00e4t Paderborn aufgezeichnet wurde. Alle Antworten beziehen sich auf die vorangestellten Fragen. Die Rubriken sind:<\/p>\n<ul>\n<li><strong>Allgemeine Fragen an den LWL<\/strong><\/li>\n<li><strong>Kooperation<\/strong><\/li>\n<li><strong>Inklusion und Medien<\/strong><\/li>\n<\/ul>\n<p>&nbsp;<\/p>\n<h3>Antworten zu \u201eAllg. Fragen an den LWL\u201c<\/h3>\n<p>&nbsp;<\/p>\n<p>&nbsp;<\/p>\n<h3>Antworten zu \u201eKooperationen\u201c<\/h3>\n<p>&nbsp;<\/p>\n<p>&nbsp;<\/p>\n<h3>Antworten zu \u201eInklusion und Medien\u201c<\/h3>\n<p>&nbsp;<\/p>\n<p><a href=\"#_ftnref1\" name=\"_ftn1\">[1]<\/a> Dr. Wolfgang Kirsch, Direktor des Landschaftsverbandes Westfalen-Lippe (LWL)<\/p>\n<p><a href=\"#_ftnref2\" name=\"_ftn2\">[2]<\/a> Vgl. mitgelieferte Audio CD im Anhang, Minute: ???<\/p>\n<p><a href=\"#_ftnref3\" name=\"_ftn3\">[3]<\/a> Vgl. <a href=\"http:\/\/www.lwl.org\/LWL\/Soziales\/Richtung-Inklusion\/aktionsplan-inklusion\">http:\/\/www.lwl.org\/LWL\/Soziales\/Richtung-Inklusion\/aktionsplan-inklusion<\/a> &#8211; Stand: 01.10.2014<\/p>\n<p><strong><div class=\"alignleft\"><a href=\"http:\/\/buch.modernklusion.de\/?page_id=29\" title=\"Der Feststellungsnachweis des MDKs\">Letztes Kapitel: Der Feststellungsnachweis des MDKs<\/a><\/div><\/strong> <strong><div class=\"alignright\"><a href=\"http:\/\/buch.modernklusion.de\/?page_id=33\" title=\"Zwei St\u00fchle 1 Meinung\">N\u00e4chstes Kapitel: Zwei St\u00fchle 1 Meinung<\/a><\/div><\/strong><\/p>\n","protected":false},"excerpt":{"rendered":"<p>In der \u00dcberschrift steht das Inklusionsversprechen und durch die Herangehensweise des LWLs hat man immer \u00f6fter das Gef\u00fchl ein sich<\/p>\n","protected":false},"author":1,"featured_media":0,"parent":0,"menu_order":0,"comment_status":"closed","ping_status":"closed","template":"","meta":{"footnotes":""},"_links":{"self":[{"href":"http:\/\/buch.modernklusion.de\/index.php?rest_route=\/wp\/v2\/pages\/31"}],"collection":[{"href":"http:\/\/buch.modernklusion.de\/index.php?rest_route=\/wp\/v2\/pages"}],"about":[{"href":"http:\/\/buch.modernklusion.de\/index.php?rest_route=\/wp\/v2\/types\/page"}],"author":[{"embeddable":true,"href":"http:\/\/buch.modernklusion.de\/index.php?rest_route=\/wp\/v2\/users\/1"}],"replies":[{"embeddable":true,"href":"http:\/\/buch.modernklusion.de\/index.php?rest_route=%2Fwp%2Fv2%2Fcomments&post=31"}],"version-history":[{"count":8,"href":"http:\/\/buch.modernklusion.de\/index.php?rest_route=\/wp\/v2\/pages\/31\/revisions"}],"predecessor-version":[{"id":183,"href":"http:\/\/buch.modernklusion.de\/index.php?rest_route=\/wp\/v2\/pages\/31\/revisions\/183"}],"wp:attachment":[{"href":"http:\/\/buch.modernklusion.de\/index.php?rest_route=%2Fwp%2Fv2%2Fmedia&parent=31"}],"curies":[{"name":"wp","href":"https:\/\/api.w.org\/{rel}","templated":true}]}}