{"id":25,"date":"2017-12-07T13:40:04","date_gmt":"2017-12-07T13:40:04","guid":{"rendered":"http:\/\/buch.modernklusion.de\/?page_id=25"},"modified":"2017-12-09T16:43:37","modified_gmt":"2017-12-09T16:43:37","slug":"einer-fuer-alle-alle-fuer-l-a-r-s","status":"publish","type":"page","link":"http:\/\/buch.modernklusion.de\/?page_id=25","title":{"rendered":"Einer f\u00fcr alle, alle f\u00fcr L.A.R.S.!"},"content":{"rendered":"<p>In diesem \u201e____________________________________\u201c<a href=\"#_ftn1\" name=\"_ftnref1\">[1]<\/a> was auch immer es sein soll. Wird euch als Interessierte, alles Wissenswertes zum Thema pers\u00f6nliches Budget, Assistenz, Arbeitgebermodell vs. Dienstleistermodell und Inklusionsvorteile im Leben angeboten. Ich verspreche mir von dieser Aktion, dass mehr Menschen mit Behinderung in den Genuss kommen ihre Bed\u00fcrfnisse durch ein Selbstbestimmtes Leben zu stillen. Dies ist, salopp gesagt, dass w\u00fcnschenswerte Ziel der politischen Reform unserer gegenwertigen Zeit f\u00fcr Anerkennung und Gleichberechtigung der Betroffenen. Aber auch f\u00fcr die, die jemanden verhelfen m\u00f6chten, ein unabh\u00e4ngiges Leben zu erm\u00f6glichen.<\/p>\n<p>Wie schon Ernst Klee 1980 formulierte: \u201eMan wird wohl mit einer Behinderung geboren \u2013 doch zum Behinderten wird man erst sp\u00e4ter gemacht.\u201c<\/p>\n<p>So oder so etwa, m\u00f6chte ich mit diesem Ansatz die Bedeutung des Satzes erl\u00e4utern. Und dazu beitragen, dass vielen Menschen in \u00e4hnlichen Situationen, wie meine vor Jahren war, m\u00f6glichst schnell geholfen wird ein Selbstbestimmtes Leben zu Leben.<\/p>\n<p>Ich bin der Auffassung, dass jeder Mensch mit einer Beeintr\u00e4chtigung und sei sie noch so klein oder gro\u00df, braucht die Gewissheit auch au\u00dferhalb institutioneller Einrichtungen oder famili\u00e4rer Unterst\u00fctzung ein gleichberechtigtes Leben zu leben. Nicht das der famili\u00e4re R\u00fcckhalt oder Unterst\u00fctzung \u201eschlecht\u201c ist. NEIN! Gewiss nicht, aber es gibt Situationen, Erlebnisse oder individuelle menschliche Bed\u00fcrfnisse, die durch neutrale Begleiter wie Assistenten erfahren werden sollten. Und genau hier steht der Betroffene an dem Punkt, wo ihm das System des pers\u00f6nlichen Budgets weiterhelfen kann bzw. wird. Denn genau dabei setzt der Dienst einer Assistenz an und verschafft den hilfesuchenden das Gef\u00fchl von Selbstbestimmung im Leben.<\/p>\n<p style=\"text-align: center;\"><strong>\u201eLeben hei\u00dft aussuchen.\u201c<\/strong><a href=\"#_ftn2\" name=\"_ftnref2\">[2]<\/a><\/p>\n<p>oder<\/p>\n<p style=\"text-align: center;\"><strong>\u201eLeben hei\u00dft, es mit etwas zu tun zu haben \u2013 mit der Welt und mit sich selbst.\u201c<\/strong><a href=\"#_ftn3\" name=\"_ftnref3\">[3]<\/a><\/p>\n<p>&#8212;<\/p>\n<p><a href=\"#_ftnref1\" name=\"_ftn1\">[1]<\/a> Nach dem lesen des Buches k\u00f6nnen SIE an dieser Stelle einen eigenen Begriff dort eintragen.<\/p>\n<p><a href=\"#_ftnref2\" name=\"_ftn2\">[2]<\/a> Kurt Tucholsky (1890-1935), dt. Schriftsteller<\/p>\n<p><a href=\"#_ftnref3\" name=\"_ftn3\">[3]<\/a> Jos\u00e9 Ortega y Gasset (1883-1955), span. Philosoph, Soziologe und Schriftsteller<\/p>\n<p style=\"text-align: center;\"><strong><div class=\"alignright\"><a href=\"http:\/\/buch.modernklusion.de\/?page_id=27\" title=\"Das Budget und sein Warum?!\">N\u00e4chstes Kapitel: Das Budget und sein Warum?!<\/a><\/div><\/strong><\/p>\n","protected":false},"excerpt":{"rendered":"<p>In diesem \u201e____________________________________\u201c[1] was auch immer es sein soll. Wird euch als Interessierte, alles Wissenswertes zum Thema pers\u00f6nliches Budget, Assistenz,<\/p>\n","protected":false},"author":1,"featured_media":0,"parent":0,"menu_order":0,"comment_status":"closed","ping_status":"closed","template":"","meta":{"footnotes":""},"_links":{"self":[{"href":"http:\/\/buch.modernklusion.de\/index.php?rest_route=\/wp\/v2\/pages\/25"}],"collection":[{"href":"http:\/\/buch.modernklusion.de\/index.php?rest_route=\/wp\/v2\/pages"}],"about":[{"href":"http:\/\/buch.modernklusion.de\/index.php?rest_route=\/wp\/v2\/types\/page"}],"author":[{"embeddable":true,"href":"http:\/\/buch.modernklusion.de\/index.php?rest_route=\/wp\/v2\/users\/1"}],"replies":[{"embeddable":true,"href":"http:\/\/buch.modernklusion.de\/index.php?rest_route=%2Fwp%2Fv2%2Fcomments&post=25"}],"version-history":[{"count":6,"href":"http:\/\/buch.modernklusion.de\/index.php?rest_route=\/wp\/v2\/pages\/25\/revisions"}],"predecessor-version":[{"id":172,"href":"http:\/\/buch.modernklusion.de\/index.php?rest_route=\/wp\/v2\/pages\/25\/revisions\/172"}],"wp:attachment":[{"href":"http:\/\/buch.modernklusion.de\/index.php?rest_route=%2Fwp%2Fv2%2Fmedia&parent=25"}],"curies":[{"name":"wp","href":"https:\/\/api.w.org\/{rel}","templated":true}]}}